{"id":885,"date":"2022-06-02T08:11:59","date_gmt":"2022-06-02T08:11:59","guid":{"rendered":"https:\/\/www.lyceedubois.fr\/scierie\/?post_type=project&#038;p=885"},"modified":"2022-06-02T13:45:27","modified_gmt":"2022-06-02T13:45:27","slug":"chantier-dexploitation","status":"publish","type":"project","link":"https:\/\/www.lyceedubois.fr\/scierie\/project\/chantier-dexploitation\/","title":{"rendered":"Chantier d&rsquo;exploitation"},"content":{"rendered":"<p>[et_pb_section fb_built=\u00a0\u00bb1&Prime; _builder_version=\u00a0\u00bb4.16&Prime; global_colors_info=\u00a0\u00bb{}\u00a0\u00bb][et_pb_row _builder_version=\u00a0\u00bb4.17.4&Prime; _module_preset=\u00a0\u00bbdefault\u00a0\u00bb global_colors_info=\u00a0\u00bb{}\u00a0\u00bb][et_pb_column type=\u00a0\u00bb4_4&Prime; _builder_version=\u00a0\u00bb4.17.4&Prime; _module_preset=\u00a0\u00bbdefault\u00a0\u00bb global_colors_info=\u00a0\u00bb{}\u00a0\u00bb][et_pb_text _builder_version=\u00a0\u00bb4.17.4&Prime; _module_preset=\u00a0\u00bbdefault\u00a0\u00bb global_colors_info=\u00a0\u00bb{}\u00a0\u00bb]<\/p>\n<h1>Chantier d&rsquo;exploitation &#8211; Bruilly<\/h1>\n<p>[\/et_pb_text][et_pb_text _builder_version=\u00a0\u00bb4.17.4&Prime; _module_preset=\u00a0\u00bbdefault\u00a0\u00bb text_text_color=\u00a0\u00bb#333333&Prime; text_font_size=\u00a0\u00bb22px\u00a0\u00bb custom_padding=\u00a0\u00bb||1px|||\u00a0\u00bb global_colors_info=\u00a0\u00bb{}\u00a0\u00bb]<\/p>\n<p>L&rsquo;atelier technologique a achet\u00e9 des bois sur pied (m\u00e9l\u00e8ze). La prestation d&rsquo;exploitation foresti\u00e8re a \u00e9t\u00e9 r\u00e9alis\u00e9 par les <span style=\"text-decoration: underline; color: #d14a2a;\"><a href=\"https:\/\/www.lyceedubois.fr\/pedago-page\/formations\/filiere-foret\/#capa-tf\" target=\"_blank\" rel=\"noopener\" style=\"color: #d14a2a; text-decoration: underline;\">CAPa Travaux Forestiers<\/a><\/span> et les <a href=\"https:\/\/www.lyceedubois.fr\/pedago-page\/formations\/filiere-foret\/\" target=\"_blank\" rel=\"noopener\"><span style=\"text-decoration: underline;\">BPA Travaux Forestiers<\/span><\/a>.<\/p>\n<p>Merci \u00e0 l&rsquo;entreprise Mani\u00e8re pour chargement et transport des grumes vers la Scierie du lyc\u00e9e des m\u00e9tiers du bois.<\/p>\n<p>[\/et_pb_text][\/et_pb_column][\/et_pb_row][et_pb_row column_structure=\u00a0\u00bb1_3,1_3,1_3&Prime; _builder_version=\u00a0\u00bb4.17.4&Prime; _module_preset=\u00a0\u00bbdefault\u00a0\u00bb min_height=\u00a0\u00bb0px\u00a0\u00bb custom_margin=\u00a0\u00bb0px|auto||auto|false|false\u00a0\u00bb global_colors_info=\u00a0\u00bb{}\u00a0\u00bb][et_pb_column type=\u00a0\u00bb1_3&Prime; _builder_version=\u00a0\u00bb4.17.4&Prime; _module_preset=\u00a0\u00bbdefault\u00a0\u00bb global_colors_info=\u00a0\u00bb{}\u00a0\u00bb][et_pb_image src=\u00a0\u00bbhttps:\/\/www.lyceedubois.fr\/scierie\/wp-content\/uploads\/scierie-chantier-exploitation-camion-1.jpg\u00a0\u00bb alt=\u00a0\u00bbScierie du lyc\u00e9e des m\u00e9tier du bois &#8211; arriv\u00e9e du camion pour le chargement des grumes\u00a0\u00bb title_text=\u00a0\u00bbscierie-chantier-exploitation-camion-1&Prime; _builder_version=\u00a0\u00bb4.17.4&Prime; _module_preset=\u00a0\u00bbdefault\u00a0\u00bb global_colors_info=\u00a0\u00bb{}\u00a0\u00bb][\/et_pb_image][\/et_pb_column][et_pb_column type=\u00a0\u00bb1_3&Prime; _builder_version=\u00a0\u00bb4.17.4&Prime; _module_preset=\u00a0\u00bbdefault\u00a0\u00bb global_colors_info=\u00a0\u00bb{}\u00a0\u00bb][et_pb_image src=\u00a0\u00bbhttps:\/\/www.lyceedubois.fr\/scierie\/wp-content\/uploads\/scierie-chantier-exploitation-chargement-2.jpg\u00a0\u00bb alt=\u00a0\u00bbScierie du lyc\u00e9e des m\u00e9tiers du bois &#8211; chargement des grumes du chantier d&rsquo;exploitation\u00a0\u00bb title_text=\u00a0\u00bbscierie-chantier-exploitation-chargement-2&Prime; _builder_version=\u00a0\u00bb4.17.4&Prime; _module_preset=\u00a0\u00bbdefault\u00a0\u00bb global_colors_info=\u00a0\u00bb{}\u00a0\u00bb][\/et_pb_image][\/et_pb_column][et_pb_column type=\u00a0\u00bb1_3&Prime; _builder_version=\u00a0\u00bb4.17.4&Prime; _module_preset=\u00a0\u00bbdefault\u00a0\u00bb global_colors_info=\u00a0\u00bb{}\u00a0\u00bb][et_pb_image src=\u00a0\u00bbhttps:\/\/www.lyceedubois.fr\/scierie\/wp-content\/uploads\/scierie-chantier-exploitation-chargement-3.jpg\u00a0\u00bb alt=\u00a0\u00bbScierie du lyc\u00e9e des m\u00e9tiers du bois &#8211; chargement m\u00e9l\u00e8ze termin\u00e9\u00a0\u00bb title_text=\u00a0\u00bbscierie-chantier-exploitation-chargement-3&Prime; _builder_version=\u00a0\u00bb4.17.4&Prime; _module_preset=\u00a0\u00bbdefault\u00a0\u00bb global_colors_info=\u00a0\u00bb{}\u00a0\u00bb][\/et_pb_image][\/et_pb_column][\/et_pb_row][\/et_pb_section][et_pb_section fb_built=\u00a0\u00bb1&Prime; admin_label=\u00a0\u00bbContact Banner\u00a0\u00bb _builder_version=\u00a0\u00bb4.16&Prime; background_color=\u00a0\u00bb#D14A2A\u00a0\u00bb custom_padding=\u00a0\u00bb20px|0px|20px|0px|true|false\u00a0\u00bb animation_style=\u00a0\u00bbslide\u00a0\u00bb animation_direction=\u00a0\u00bbbottom\u00a0\u00bb global_colors_info=\u00a0\u00bb{}\u00a0\u00bb][et_pb_row column_structure=\u00a0\u00bb1_4,1_2,1_4&Prime; _builder_version=\u00a0\u00bb4.17.3&Prime; max_width=\u00a0\u00bb70%\u00a0\u00bb custom_padding=\u00a0\u00bb||17px|||\u00a0\u00bb global_colors_info=\u00a0\u00bb{}\u00a0\u00bb][et_pb_column type=\u00a0\u00bb1_4&Prime; _builder_version=\u00a0\u00bb4.17.3&Prime; _module_preset=\u00a0\u00bbdefault\u00a0\u00bb global_colors_info=\u00a0\u00bb{}\u00a0\u00bb][et_pb_social_media_follow use_icon_font_size=\u00a0\u00bbon\u00a0\u00bb icon_font_size=\u00a0\u00bb53px\u00a0\u00bb _builder_version=\u00a0\u00bb4.17.3&Prime; _module_preset=\u00a0\u00bbdefault\u00a0\u00bb global_colors_info=\u00a0\u00bb{}\u00a0\u00bb][et_pb_social_media_follow_network social_network=\u00a0\u00bbfacebook\u00a0\u00bb _builder_version=\u00a0\u00bb4.17.3&Prime; _module_preset=\u00a0\u00bbdefault\u00a0\u00bb background_color=\u00a0\u00bb#3b5998&Prime; global_colors_info=\u00a0\u00bb{}\u00a0\u00bb follow_button=\u00a0\u00bboff\u00a0\u00bb url_new_window=\u00a0\u00bbon\u00a0\u00bb]facebook[\/et_pb_social_media_follow_network][\/et_pb_social_media_follow][\/et_pb_column][et_pb_column type=\u00a0\u00bb1_2&Prime; _builder_version=\u00a0\u00bb4.16&Prime; custom_padding=\u00a0\u00bb|||\u00a0\u00bb global_colors_info=\u00a0\u00bb{}\u00a0\u00bb custom_padding__hover=\u00a0\u00bb|||\u00a0\u00bb][et_pb_text _builder_version=\u00a0\u00bb4.16&Prime; text_font=\u00a0\u00bb||||||||\u00a0\u00bb quote_font=\u00a0\u00bb||||||||\u00a0\u00bb header_font=\u00a0\u00bb||||||||\u00a0\u00bb header_2_font=\u00a0\u00bb|800|||||||\u00a0\u00bb header_2_font_size=\u00a0\u00bb24px\u00a0\u00bb header_2_line_height=\u00a0\u00bb1.8em\u00a0\u00bb header_3_font=\u00a0\u00bb||||||||\u00a0\u00bb header_4_font=\u00a0\u00bb|800||on|||||\u00a0\u00bb header_4_font_size=\u00a0\u00bb16px\u00a0\u00bb header_4_letter_spacing=\u00a0\u00bb0.5px\u00a0\u00bb header_4_line_height=\u00a0\u00bb1.7em\u00a0\u00bb background_layout=\u00a0\u00bbdark\u00a0\u00bb custom_padding=\u00a0\u00bb|||\u00a0\u00bb header_2_font_size_tablet=\u00a0\u00bb\u00a0\u00bb header_2_font_size_phone=\u00a0\u00bb18px\u00a0\u00bb header_2_font_size_last_edited=\u00a0\u00bbon|phone\u00a0\u00bb locked=\u00a0\u00bboff\u00a0\u00bb inline_fonts=\u00a0\u00bbDINNextLTPro-BoldCondensed\u00a0\u00bb global_colors_info=\u00a0\u00bb{}\u00a0\u00bb]<\/p>\n<h2><span style=\"font-family: DINNextLTPro-BoldCondensed; font-weight: normal; font-size: xx-large;\">Une question ?<\/span><\/h2>\n<h2><span style=\"font-family: DINNextLTPro-MediumCond; font-weight: normal;\">N&rsquo;h\u00e9sitez pas \u00e0 nous contacter pour de plus amples informations.<\/span><\/h2>\n<p>[\/et_pb_text][\/et_pb_column][et_pb_column type=\u00a0\u00bb1_4&Prime; _builder_version=\u00a0\u00bb4.17.3&Prime; _module_preset=\u00a0\u00bbdefault\u00a0\u00bb global_colors_info=\u00a0\u00bb{}\u00a0\u00bb][et_pb_text _builder_version=\u00a0\u00bb4.16&Prime; text_font=\u00a0\u00bb||||||||\u00a0\u00bb quote_font=\u00a0\u00bb||||||||\u00a0\u00bb header_font=\u00a0\u00bb||||||||\u00a0\u00bb header_2_font=\u00a0\u00bb|800||on|||||\u00a0\u00bb header_2_font_size=\u00a0\u00bb44px\u00a0\u00bb header_2_letter_spacing=\u00a0\u00bb1px\u00a0\u00bb header_2_line_height=\u00a0\u00bb1.8em\u00a0\u00bb header_3_font=\u00a0\u00bb||||||||\u00a0\u00bb header_4_font=\u00a0\u00bb|800||on|||||\u00a0\u00bb header_4_font_size=\u00a0\u00bb16px\u00a0\u00bb header_4_letter_spacing=\u00a0\u00bb0.5px\u00a0\u00bb header_4_line_height=\u00a0\u00bb1.7em\u00a0\u00bb text_orientation=\u00a0\u00bbright\u00a0\u00bb background_layout=\u00a0\u00bbdark\u00a0\u00bb custom_padding=\u00a0\u00bb|||\u00a0\u00bb header_2_font_size_tablet=\u00a0\u00bb\u00a0\u00bb header_2_font_size_phone=\u00a0\u00bb18px\u00a0\u00bb header_2_font_size_last_edited=\u00a0\u00bbon|phone\u00a0\u00bb locked=\u00a0\u00bboff\u00a0\u00bb inline_fonts=\u00a0\u00bbDINNextLTPro-MediumCond,DINNextLTPro-Condensed,DINNextLTPro-BoldCondensed\u00a0\u00bb global_colors_info=\u00a0\u00bb{}\u00a0\u00bb]<\/p>\n<h4><span style=\"font-family: DINNextLTPro-Condensed; font-weight: normal; font-size: x-large;\">Appelez nous au<\/span><\/h4>\n<h4><span style=\"font-size: 44px; letter-spacing: 1px;\">02 35 04 17 42<\/span><\/h4>\n<p><span style=\"font-family: DINNextLTPro-BoldCondensed; font-weight: normal;\"><strong><span style=\"font-size: 44px; letter-spacing: 1px;\">06 32 16 56 96<\/span><\/strong><\/span><\/p>\n<p>[\/et_pb_text][\/et_pb_column][\/et_pb_row][\/et_pb_section][et_pb_section fb_built=\u00a0\u00bb1&Prime; admin_label=\u00a0\u00bbFooter\u00a0\u00bb module_id=\u00a0\u00bbdevis\u00a0\u00bb _builder_version=\u00a0\u00bb4.17.3&Prime; use_background_color_gradient=\u00a0\u00bbon\u00a0\u00bb background_color_gradient_type=\u00a0\u00bbcircular\u00a0\u00bb background_color_gradient_direction_radial=\u00a0\u00bbtop right\u00a0\u00bb background_color_gradient_stops=\u00a0\u00bb#210b00 10%|rgba(33,25,21,0) 100%\u00a0\u00bb background_color_gradient_overlays_image=\u00a0\u00bbon\u00a0\u00bb background_color_gradient_start=\u00a0\u00bb#210b00&Prime; background_color_gradient_start_position=\u00a0\u00bb10%\u00a0\u00bb background_color_gradient_end=\u00a0\u00bbrgba(33,25,21,0)\u00a0\u00bb background_image=\u00a0\u00bbhttps:\/\/www.lyceedubois.fr\/scierie\/wp-content\/uploads\/2021\/01\/wood-3212803_1920.jpg\u00a0\u00bb custom_padding=\u00a0\u00bb100px||100px||true|false\u00a0\u00bb global_module=\u00a0\u00bb826&Prime; global_colors_info=\u00a0\u00bb{}\u00a0\u00bb][et_pb_row column_structure=\u00a0\u00bb2_3,1_3&Prime; _builder_version=\u00a0\u00bb4.16&Prime; background_color=\u00a0\u00bbrgba(255,255,255,0.2)\u00a0\u00bb width=\u00a0\u00bb90%\u00a0\u00bb max_width=\u00a0\u00bb80%\u00a0\u00bb custom_padding=\u00a0\u00bb|15px||15px|false|false\u00a0\u00bb global_colors_info=\u00a0\u00bb{}\u00a0\u00bb][et_pb_column type=\u00a0\u00bb2_3&Prime; _builder_version=\u00a0\u00bb4.16&Prime; custom_padding=\u00a0\u00bb|||\u00a0\u00bb global_colors_info=\u00a0\u00bb{}\u00a0\u00bb custom_padding__hover=\u00a0\u00bb|||\u00a0\u00bb][et_pb_contact_form email=\u00a0\u00bbjulien.houzard@educagri.fr\u00a0\u00bb title=\u00a0\u00bbDEMANDE DE DEVIS\u00a0\u00bb custom_message=\u00a0\u00bbBonjour,||et_pb_line_break_holder||||et_pb_line_break_holder||Vous avez re\u00e7u une nouvelle demande de devis de : ||et_pb_line_break_holder||||et_pb_line_break_holder||%%Nom%%  <%%Email%%>||et_pb_line_break_holder||T\u00e9l\u00e9phone : %%Telephone%%||et_pb_line_break_holder||||et_pb_line_break_holder||Type de Production : %%Projet%%||et_pb_line_break_holder||||et_pb_line_break_holder||D\u00e9tail : ||et_pb_line_break_holder||||et_pb_line_break_holder||%%Message%%||et_pb_line_break_holder||||et_pb_line_break_holder||Cordialement,||et_pb_line_break_holder||||et_pb_line_break_holder||\u00a0\u00bb success_message=\u00a0\u00bbVotre message a bien \u00e9t\u00e9 envoy\u00e9 !\u00a0\u00bb submit_button_text=\u00a0\u00bbenvoyer\u00a0\u00bb module_id=\u00a0\u00bbet_pb_contact_form_1&Prime; _builder_version=\u00a0\u00bb4.17.3&Prime; form_field_background_color=\u00a0\u00bbRGBA(255,255,255,0.75)\u00a0\u00bb form_field_text_color=\u00a0\u00bb#000000&Prime; form_field_custom_margin=\u00a0\u00bb|||0px|false|false\u00a0\u00bb title_text_color=\u00a0\u00bb#FFFFFF\u00a0\u00bb captcha_font=\u00a0\u00bbDINNextLTPro-Condensed|800||on|||||\u00a0\u00bb captcha_text_color=\u00a0\u00bb#FFFFFF\u00a0\u00bb captcha_font_size=\u00a0\u00bb25px\u00a0\u00bb captcha_letter_spacing=\u00a0\u00bb3px\u00a0\u00bb captcha_line_height=\u00a0\u00bb1.2em\u00a0\u00bb form_field_font=\u00a0\u00bbDINNextLTPro-MediumCond||||||||\u00a0\u00bb form_field_font_size=\u00a0\u00bb18px\u00a0\u00bb form_field_letter_spacing=\u00a0\u00bb1px\u00a0\u00bb form_field_line_height=\u00a0\u00bb1.2em\u00a0\u00bb custom_button=\u00a0\u00bbon\u00a0\u00bb button_text_size=\u00a0\u00bb18px\u00a0\u00bb button_text_color=\u00a0\u00bb#FFFFFF\u00a0\u00bb button_bg_color=\u00a0\u00bb#d14a2a\u00a0\u00bb button_border_width=\u00a0\u00bb0px\u00a0\u00bb button_border_radius=\u00a0\u00bb0px\u00a0\u00bb button_letter_spacing=\u00a0\u00bb1px\u00a0\u00bb button_font=\u00a0\u00bbDINNextLTPro-Condensed|700||on|||||\u00a0\u00bb button_use_icon=\u00a0\u00bboff\u00a0\u00bb custom_margin=\u00a0\u00bb|-6px||||\u00a0\u00bb border_width_all=\u00a0\u00bb2px\u00a0\u00bb border_color_all=\u00a0\u00bbrgba(0,0,0,0.15)\u00a0\u00bb global_colors_info=\u00a0\u00bb{}\u00a0\u00bb][et_pb_contact_field field_id=\u00a0\u00bbNom\u00a0\u00bb field_title=\u00a0\u00bbNom &#8211; Pr\u00e9nom\u00a0\u00bb _builder_version=\u00a0\u00bb4.17.3&Prime; _module_preset=\u00a0\u00bbdefault\u00a0\u00bb form_field_background_color=\u00a0\u00bbRGBA(255,255,255,0.75)\u00a0\u00bb border_color_all=\u00a0\u00bb#FFFFFF\u00a0\u00bb global_colors_info=\u00a0\u00bb{}\u00a0\u00bb][\/et_pb_contact_field][et_pb_contact_field field_id=\u00a0\u00bbTelephone\u00a0\u00bb field_title=\u00a0\u00bbT\u00e9l\u00e9phone\u00a0\u00bb _builder_version=\u00a0\u00bb4.17.3&Prime; _module_preset=\u00a0\u00bbdefault\u00a0\u00bb border_color_all=\u00a0\u00bb#FFFFFF\u00a0\u00bb global_colors_info=\u00a0\u00bb{}\u00a0\u00bb][\/et_pb_contact_field][et_pb_contact_field field_id=\u00a0\u00bbEmail\u00a0\u00bb field_title=\u00a0\u00bbAdresse Email\u00a0\u00bb field_type=\u00a0\u00bbemail\u00a0\u00bb _builder_version=\u00a0\u00bb4.17.3&Prime; border_color_all=\u00a0\u00bb#FFFFFF\u00a0\u00bb global_colors_info=\u00a0\u00bb{}\u00a0\u00bb button_text_size__hover_enabled=\u00a0\u00bboff\u00a0\u00bb button_one_text_size__hover_enabled=\u00a0\u00bboff\u00a0\u00bb button_two_text_size__hover_enabled=\u00a0\u00bboff\u00a0\u00bb button_text_color__hover_enabled=\u00a0\u00bboff\u00a0\u00bb button_one_text_color__hover_enabled=\u00a0\u00bboff\u00a0\u00bb button_two_text_color__hover_enabled=\u00a0\u00bboff\u00a0\u00bb button_border_width__hover_enabled=\u00a0\u00bboff\u00a0\u00bb button_one_border_width__hover_enabled=\u00a0\u00bboff\u00a0\u00bb button_two_border_width__hover_enabled=\u00a0\u00bboff\u00a0\u00bb button_border_color__hover_enabled=\u00a0\u00bboff\u00a0\u00bb button_one_border_color__hover_enabled=\u00a0\u00bboff\u00a0\u00bb button_two_border_color__hover_enabled=\u00a0\u00bboff\u00a0\u00bb button_border_radius__hover_enabled=\u00a0\u00bboff\u00a0\u00bb button_one_border_radius__hover_enabled=\u00a0\u00bboff\u00a0\u00bb button_two_border_radius__hover_enabled=\u00a0\u00bboff\u00a0\u00bb button_letter_spacing__hover_enabled=\u00a0\u00bboff\u00a0\u00bb button_one_letter_spacing__hover_enabled=\u00a0\u00bboff\u00a0\u00bb button_two_letter_spacing__hover_enabled=\u00a0\u00bboff\u00a0\u00bb button_bg_color__hover_enabled=\u00a0\u00bboff\u00a0\u00bb button_one_bg_color__hover_enabled=\u00a0\u00bboff\u00a0\u00bb button_two_bg_color__hover_enabled=\u00a0\u00bboff\u00a0\u00bb][\/et_pb_contact_field][et_pb_contact_field field_id=\u00a0\u00bbProjet\u00a0\u00bb field_title=\u00a0\u00bbType de projet\u00a0\u00bb field_type=\u00a0\u00bbselect\u00a0\u00bb select_options=\u00a0\u00bb%91{%22value%22:%22Travaux de renouvellement et de sylviculture%22,%22checked%22:0,%22dragID%22:3},{%22value%22:%22Travaux de gestion et d&rsquo;exploitaiton foresti\u00e8re%22,%22checked%22:0,%22dragID%22:-1},{%22value%22:%22Produits de 1\u00e8re transformation%22,%22checked%22:0,%22dragID%22:0},{%22value%22:%22Produits de 2nde transformation%22,%22checked%22:0,%22dragID%22:1},{%22value%22:%22Confection sur demande%22,%22checked%22:0,%22dragID%22:2}%93&Prime; _builder_version=\u00a0\u00bb4.17.3&Prime; form_field_background_color=\u00a0\u00bbRGBA(255,255,255,0.75)\u00a0\u00bb form_field_font=\u00a0\u00bbDINNextLTPro-MediumCond||||||||\u00a0\u00bb form_field_letter_spacing=\u00a0\u00bb1px\u00a0\u00bb form_field_line_height=\u00a0\u00bb1.2em\u00a0\u00bb form_field_text_color_tablet=\u00a0\u00bb\u00a0\u00bb form_field_text_color_phone=\u00a0\u00bb\u00a0\u00bb form_field_text_color_last_edited=\u00a0\u00bbon|desktop\u00a0\u00bb border_color_all=\u00a0\u00bb#FFFFFF\u00a0\u00bb field_background_color=\u00a0\u00bbrgba(0,0,0,0)\u00a0\u00bb global_colors_info=\u00a0\u00bb{}\u00a0\u00bb button_text_size__hover_enabled=\u00a0\u00bboff\u00a0\u00bb button_one_text_size__hover_enabled=\u00a0\u00bboff\u00a0\u00bb button_two_text_size__hover_enabled=\u00a0\u00bboff\u00a0\u00bb button_text_color__hover_enabled=\u00a0\u00bboff\u00a0\u00bb button_one_text_color__hover_enabled=\u00a0\u00bboff\u00a0\u00bb button_two_text_color__hover_enabled=\u00a0\u00bboff\u00a0\u00bb button_border_width__hover_enabled=\u00a0\u00bboff\u00a0\u00bb button_one_border_width__hover_enabled=\u00a0\u00bboff\u00a0\u00bb button_two_border_width__hover_enabled=\u00a0\u00bboff\u00a0\u00bb button_border_color__hover_enabled=\u00a0\u00bboff\u00a0\u00bb button_one_border_color__hover_enabled=\u00a0\u00bboff\u00a0\u00bb button_two_border_color__hover_enabled=\u00a0\u00bboff\u00a0\u00bb button_border_radius__hover_enabled=\u00a0\u00bboff\u00a0\u00bb button_one_border_radius__hover_enabled=\u00a0\u00bboff\u00a0\u00bb button_two_border_radius__hover_enabled=\u00a0\u00bboff\u00a0\u00bb button_letter_spacing__hover_enabled=\u00a0\u00bboff\u00a0\u00bb button_one_letter_spacing__hover_enabled=\u00a0\u00bboff\u00a0\u00bb button_two_letter_spacing__hover_enabled=\u00a0\u00bboff\u00a0\u00bb button_bg_color__hover_enabled=\u00a0\u00bboff\u00a0\u00bb button_one_bg_color__hover_enabled=\u00a0\u00bboff\u00a0\u00bb button_two_bg_color__hover_enabled=\u00a0\u00bboff\u00a0\u00bb form_field_text_color__hover_enabled=\u00a0\u00bboff|desktop\u00a0\u00bb][\/et_pb_contact_field][et_pb_contact_field field_id=\u00a0\u00bbMessage\u00a0\u00bb field_title=\u00a0\u00bbD\u00e9crivez votre projet en d\u00e9tail\u00a0\u00bb field_type=\u00a0\u00bbtext\u00a0\u00bb fullwidth_field=\u00a0\u00bbon\u00a0\u00bb _builder_version=\u00a0\u00bb4.16&Prime; border_color_all=\u00a0\u00bb#FFFFFF\u00a0\u00bb global_colors_info=\u00a0\u00bb{}\u00a0\u00bb button_text_size__hover_enabled=\u00a0\u00bboff\u00a0\u00bb button_one_text_size__hover_enabled=\u00a0\u00bboff\u00a0\u00bb button_two_text_size__hover_enabled=\u00a0\u00bboff\u00a0\u00bb button_text_color__hover_enabled=\u00a0\u00bboff\u00a0\u00bb button_one_text_color__hover_enabled=\u00a0\u00bboff\u00a0\u00bb button_two_text_color__hover_enabled=\u00a0\u00bboff\u00a0\u00bb button_border_width__hover_enabled=\u00a0\u00bboff\u00a0\u00bb button_one_border_width__hover_enabled=\u00a0\u00bboff\u00a0\u00bb button_two_border_width__hover_enabled=\u00a0\u00bboff\u00a0\u00bb button_border_color__hover_enabled=\u00a0\u00bboff\u00a0\u00bb button_one_border_color__hover_enabled=\u00a0\u00bboff\u00a0\u00bb button_two_border_color__hover_enabled=\u00a0\u00bboff\u00a0\u00bb button_border_radius__hover_enabled=\u00a0\u00bboff\u00a0\u00bb button_one_border_radius__hover_enabled=\u00a0\u00bboff\u00a0\u00bb button_two_border_radius__hover_enabled=\u00a0\u00bboff\u00a0\u00bb button_letter_spacing__hover_enabled=\u00a0\u00bboff\u00a0\u00bb button_one_letter_spacing__hover_enabled=\u00a0\u00bboff\u00a0\u00bb button_two_letter_spacing__hover_enabled=\u00a0\u00bboff\u00a0\u00bb button_bg_color__hover_enabled=\u00a0\u00bboff\u00a0\u00bb button_one_bg_color__hover_enabled=\u00a0\u00bboff\u00a0\u00bb button_two_bg_color__hover_enabled=\u00a0\u00bboff\u00a0\u00bb][\/et_pb_contact_field][et_pb_contact_field field_id=\u00a0\u00bbrgpd\u00a0\u00bb field_title=\u00a0\u00bbConfidentialit\u00e9\u00a0\u00bb field_type=\u00a0\u00bbcheckbox\u00a0\u00bb checkbox_options=\u00a0\u00bb%91{%22value%22:%22J\u2019ai lu et j\u2019accepte votre %22,%22checked%22:0,%22dragID%22:-1,%22link_url%22:%22https:\/\/www.lyceedubois.fr\/scierie\/politique-confidentialite\/%22,%22link_text%22:%22Politique de Confidentialit\u00e9%22}%93&Prime; _builder_version=\u00a0\u00bb4.17.3&Prime; _module_preset=\u00a0\u00bbdefault\u00a0\u00bb form_field_background_color=\u00a0\u00bbRGBA(0,0,0,0.31)\u00a0\u00bb form_field_text_color=\u00a0\u00bb#FFFFFF\u00a0\u00bb form_field_font=\u00a0\u00bbDINNextLTPro-BoldCondensed||||||||\u00a0\u00bb form_field_font_size=\u00a0\u00bb20px\u00a0\u00bb global_colors_info=\u00a0\u00bb{}\u00a0\u00bb][\/et_pb_contact_field][\/et_pb_contact_form][\/et_pb_column][et_pb_column type=\u00a0\u00bb1_3&Prime; _builder_version=\u00a0\u00bb4.16&Prime; custom_padding=\u00a0\u00bb|||\u00a0\u00bb global_colors_info=\u00a0\u00bb{}\u00a0\u00bb custom_padding__hover=\u00a0\u00bb|||\u00a0\u00bb][et_pb_blurb title=\u00a0\u00bbADRESSE\u00a0\u00bb use_icon=\u00a0\u00bbon\u00a0\u00bb font_icon=\u00a0\u00bb&#xe081;||divi||400&Prime; icon_color=\u00a0\u00bb#ffffff\u00a0\u00bb icon_placement=\u00a0\u00bbleft\u00a0\u00bb content_max_width=\u00a0\u00bb1100px\u00a0\u00bb _builder_version=\u00a0\u00bb4.17.3&Prime; header_font=\u00a0\u00bbDINNextLTPro-BoldCondensed|800||on|||||\u00a0\u00bb header_font_size=\u00a0\u00bb22px\u00a0\u00bb header_letter_spacing=\u00a0\u00bb0.5px\u00a0\u00bb header_line_height=\u00a0\u00bb1.7em\u00a0\u00bb body_font=\u00a0\u00bbOpen Sans||||||||\u00a0\u00bb body_font_size=\u00a0\u00bb22px\u00a0\u00bb body_line_height=\u00a0\u00bb1em\u00a0\u00bb background_layout=\u00a0\u00bbdark\u00a0\u00bb custom_margin=\u00a0\u00bb56px||40px|||\u00a0\u00bb custom_padding=\u00a0\u00bb11px|||||\u00a0\u00bb locked=\u00a0\u00bboff\u00a0\u00bb inline_fonts=\u00a0\u00bbDINNextLTPro-Condensed\u00a0\u00bb global_colors_info=\u00a0\u00bb{}\u00a0\u00bb]<\/p>\n<p><span style=\"font-family: DINNextLTPro-Condensed; font-size: x-large;\">130 rue du moulin<\/span><br \/><span style=\"font-family: DINNextLTPro-Condensed; font-size: x-large;\">76630 ENVERMEU<\/span><\/p>\n<p>[\/et_pb_blurb][et_pb_blurb title=\u00a0\u00bbHoraires d&rsquo;ouverture\u00a0\u00bb use_icon=\u00a0\u00bbon\u00a0\u00bb font_icon=\u00a0\u00bb&#xe074;||divi||400&Prime; icon_color=\u00a0\u00bb#ffffff\u00a0\u00bb icon_placement=\u00a0\u00bbleft\u00a0\u00bb content_max_width=\u00a0\u00bb1100px\u00a0\u00bb _builder_version=\u00a0\u00bb4.17.3&Prime; header_font=\u00a0\u00bbDINNextLTPro-BoldCondensed|800||on|||||\u00a0\u00bb header_font_size=\u00a0\u00bb20px\u00a0\u00bb header_letter_spacing=\u00a0\u00bb0.5px\u00a0\u00bb header_line_height=\u00a0\u00bb1.7em\u00a0\u00bb body_font=\u00a0\u00bbOpen Sans||||||||\u00a0\u00bb body_font_size=\u00a0\u00bb20px\u00a0\u00bb body_line_height=\u00a0\u00bb1.2em\u00a0\u00bb background_layout=\u00a0\u00bbdark\u00a0\u00bb locked=\u00a0\u00bboff\u00a0\u00bb inline_fonts=\u00a0\u00bbDINNextLTPro-Condensed\u00a0\u00bb global_colors_info=\u00a0\u00bb{}\u00a0\u00bb]<\/p>\n<p><span style=\"font-family: DINNextLTPro-Condensed; font-weight: normal; font-size: x-large;\">Le lundi<\/span><br \/><span style=\"font-family: DINNextLTPro-Condensed; font-weight: normal; font-size: x-large;\">9h00 &#8211; 12h00, 13h30 &#8211; 17h30<\/span><\/p>\n<p><span style=\"font-family: DINNextLTPro-Condensed; font-weight: normal; font-size: x-large;\">Du mardi au vendredi<\/span><br \/><span style=\"font-family: DINNextLTPro-Condensed; font-weight: normal; font-size: x-large;\">8h00 &#8211; 12h00, 13h30 &#8211; 17h30<\/span><\/p>\n<p>[\/et_pb_blurb][et_pb_blurb title=\u00a0\u00bbEmail\u00a0\u00bb use_icon=\u00a0\u00bbon\u00a0\u00bb font_icon=\u00a0\u00bb&#xe076;||divi||400&Prime; icon_color=\u00a0\u00bb#ffffff\u00a0\u00bb icon_placement=\u00a0\u00bbleft\u00a0\u00bb content_max_width=\u00a0\u00bb1100px\u00a0\u00bb _builder_version=\u00a0\u00bb4.17.3&Prime; header_font=\u00a0\u00bbDINNextLTPro-BoldCondensed|800||on|||||\u00a0\u00bb header_font_size=\u00a0\u00bb20px\u00a0\u00bb header_letter_spacing=\u00a0\u00bb0.5px\u00a0\u00bb header_line_height=\u00a0\u00bb1.7em\u00a0\u00bb body_font=\u00a0\u00bbDINNextLTPro-Condensed||||||||\u00a0\u00bb body_font_size=\u00a0\u00bb22px\u00a0\u00bb body_line_height=\u00a0\u00bb1.2em\u00a0\u00bb background_layout=\u00a0\u00bbdark\u00a0\u00bb custom_margin=\u00a0\u00bb-6px|||||\u00a0\u00bb locked=\u00a0\u00bboff\u00a0\u00bb inline_fonts=\u00a0\u00bbDINNextLTPro-Condensed\u00a0\u00bb global_colors_info=\u00a0\u00bb{}\u00a0\u00bb]<\/p>\n<p><span style=\"font-family: DINNextLTPro-Condensed; font-weight: normal; font-size: x-large;\">julien.houzard@educagri.fr<\/span><\/p>\n<p>[\/et_pb_blurb][\/et_pb_column][\/et_pb_row][\/et_pb_section]<\/p>\n","protected":false},"excerpt":{"rendered":"<p>Chantier d&rsquo;exploitation &#8211; BruillyL&rsquo;atelier technologique a achet\u00e9 des bois sur pied (m\u00e9l\u00e8ze). La prestation d&rsquo;exploitation foresti\u00e8re a \u00e9t\u00e9 r\u00e9alis\u00e9 par les CAPa Travaux Forestiers et les BPA Travaux Forestiers. Merci \u00e0 l&rsquo;entreprise Mani\u00e8re pour chargement et transport des grumes vers la Scierie du lyc\u00e9e des m\u00e9tiers du bois.Une question ? N&rsquo;h\u00e9sitez pas \u00e0 nous contacter [&hellip;]<\/p>\n","protected":false},"author":1,"featured_media":903,"comment_status":"open","ping_status":"closed","template":"","meta":{"_et_pb_use_builder":"on","_et_pb_old_content":"","_et_gb_content_width":"","footnotes":""},"project_category":[9],"project_tag":[13,28,29,17,32,27,31,16,30],"class_list":["post-885","project","type-project","status-publish","has-post-thumbnail","hentry","project_category-filiere-foret","project_tag-bois","project_tag-chantier-dexploitation","project_tag-eleves","project_tag-foret","project_tag-formation","project_tag-meleze","project_tag-pedagogie","project_tag-scierie","project_tag-travaux-forestiers"],"yoast_head":"<!-- This site is optimized with the Yoast SEO plugin v24.4 - https:\/\/yoast.com\/wordpress\/plugins\/seo\/ -->\n<title>Chantier d&#039;exploitation - Scierie du lyc\u00e9e des m\u00e9tiers du bois<\/title>\n<meta name=\"description\" content=\"Chargement de m\u00e9l\u00e8ze du chantier d&#039;exploitation r\u00e9alis\u00e9 par les CAPa Travaux Forestiers et les BPA Travaux Forestiers.\" \/>\n<meta name=\"robots\" content=\"index, follow, max-snippet:-1, max-image-preview:large, max-video-preview:-1\" \/>\n<link rel=\"canonical\" href=\"https:\/\/www.lyceedubois.fr\/scierie\/project\/chantier-dexploitation\/\" \/>\n<meta property=\"og:locale\" content=\"fr_FR\" \/>\n<meta property=\"og:type\" content=\"article\" \/>\n<meta property=\"og:title\" content=\"Chantier d&#039;exploitation - Scierie du lyc\u00e9e des m\u00e9tiers du bois\" \/>\n<meta property=\"og:description\" content=\"Chargement de m\u00e9l\u00e8ze du chantier d&#039;exploitation r\u00e9alis\u00e9 par les CAPa Travaux Forestiers et les BPA Travaux Forestiers.\" \/>\n<meta property=\"og:url\" content=\"https:\/\/www.lyceedubois.fr\/scierie\/project\/chantier-dexploitation\/\" \/>\n<meta property=\"og:site_name\" content=\"Scierie du lyc\u00e9e des m\u00e9tiers du bois\" \/>\n<meta property=\"article:publisher\" content=\"https:\/\/www.facebook.com\/AtelierTechnologiqueEnvermeu\" \/>\n<meta property=\"article:modified_time\" content=\"2022-06-02T13:45:27+00:00\" \/>\n<meta property=\"og:image\" content=\"https:\/\/www.lyceedubois.fr\/scierie\/wp-content\/uploads\/scierie-chantier-exploitation-chargement-miniature.jpg\" \/>\n\t<meta property=\"og:image:width\" content=\"250\" \/>\n\t<meta property=\"og:image:height\" content=\"250\" \/>\n\t<meta property=\"og:image:type\" content=\"image\/jpeg\" \/>\n<meta name=\"twitter:card\" content=\"summary_large_image\" \/>\n<meta name=\"twitter:label1\" content=\"Dur\u00e9e de lecture estim\u00e9e\" \/>\n\t<meta name=\"twitter:data1\" content=\"10 minutes\" \/>\n<script type=\"application\/ld+json\" class=\"yoast-schema-graph\">{\"@context\":\"https:\/\/schema.org\",\"@graph\":[{\"@type\":\"WebPage\",\"@id\":\"https:\/\/www.lyceedubois.fr\/scierie\/project\/chantier-dexploitation\/\",\"url\":\"https:\/\/www.lyceedubois.fr\/scierie\/project\/chantier-dexploitation\/\",\"name\":\"Chantier d'exploitation - Scierie du lyc\u00e9e des m\u00e9tiers du bois\",\"isPartOf\":{\"@id\":\"https:\/\/www.lyceedubois.fr\/scierie\/#website\"},\"primaryImageOfPage\":{\"@id\":\"https:\/\/www.lyceedubois.fr\/scierie\/project\/chantier-dexploitation\/#primaryimage\"},\"image\":{\"@id\":\"https:\/\/www.lyceedubois.fr\/scierie\/project\/chantier-dexploitation\/#primaryimage\"},\"thumbnailUrl\":\"https:\/\/www.lyceedubois.fr\/scierie\/wp-content\/uploads\/scierie-chantier-exploitation-chargement-miniature.jpg\",\"datePublished\":\"2022-06-02T08:11:59+00:00\",\"dateModified\":\"2022-06-02T13:45:27+00:00\",\"description\":\"Chargement de m\u00e9l\u00e8ze du chantier d'exploitation r\u00e9alis\u00e9 par les CAPa Travaux Forestiers et les BPA Travaux Forestiers.\",\"breadcrumb\":{\"@id\":\"https:\/\/www.lyceedubois.fr\/scierie\/project\/chantier-dexploitation\/#breadcrumb\"},\"inLanguage\":\"fr-FR\",\"potentialAction\":[{\"@type\":\"ReadAction\",\"target\":[\"https:\/\/www.lyceedubois.fr\/scierie\/project\/chantier-dexploitation\/\"]}]},{\"@type\":\"ImageObject\",\"inLanguage\":\"fr-FR\",\"@id\":\"https:\/\/www.lyceedubois.fr\/scierie\/project\/chantier-dexploitation\/#primaryimage\",\"url\":\"https:\/\/www.lyceedubois.fr\/scierie\/wp-content\/uploads\/scierie-chantier-exploitation-chargement-miniature.jpg\",\"contentUrl\":\"https:\/\/www.lyceedubois.fr\/scierie\/wp-content\/uploads\/scierie-chantier-exploitation-chargement-miniature.jpg\",\"width\":250,\"height\":250},{\"@type\":\"BreadcrumbList\",\"@id\":\"https:\/\/www.lyceedubois.fr\/scierie\/project\/chantier-dexploitation\/#breadcrumb\",\"itemListElement\":[{\"@type\":\"ListItem\",\"position\":1,\"name\":\"Accueil\",\"item\":\"https:\/\/www.lyceedubois.fr\/scierie\/\"},{\"@type\":\"ListItem\",\"position\":2,\"name\":\"Projets\",\"item\":\"https:\/\/www.lyceedubois.fr\/scierie\/project\/\"},{\"@type\":\"ListItem\",\"position\":3,\"name\":\"Chantier d&rsquo;exploitation\"}]},{\"@type\":\"WebSite\",\"@id\":\"https:\/\/www.lyceedubois.fr\/scierie\/#website\",\"url\":\"https:\/\/www.lyceedubois.fr\/scierie\/\",\"name\":\"Scierie du lyc\u00e9e des m\u00e9tiers du bois\",\"description\":\"Atelier technologique\",\"publisher\":{\"@id\":\"https:\/\/www.lyceedubois.fr\/scierie\/#organization\"},\"potentialAction\":[{\"@type\":\"SearchAction\",\"target\":{\"@type\":\"EntryPoint\",\"urlTemplate\":\"https:\/\/www.lyceedubois.fr\/scierie\/?s={search_term_string}\"},\"query-input\":{\"@type\":\"PropertyValueSpecification\",\"valueRequired\":true,\"valueName\":\"search_term_string\"}}],\"inLanguage\":\"fr-FR\"},{\"@type\":\"Organization\",\"@id\":\"https:\/\/www.lyceedubois.fr\/scierie\/#organization\",\"name\":\"Scierie du lyc\u00e9e des m\u00e9tiers du bois\",\"url\":\"https:\/\/www.lyceedubois.fr\/scierie\/\",\"logo\":{\"@type\":\"ImageObject\",\"inLanguage\":\"fr-FR\",\"@id\":\"https:\/\/www.lyceedubois.fr\/scierie\/#\/schema\/logo\/image\/\",\"url\":\"https:\/\/www.lyceedubois.fr\/scierie\/wp-content\/uploads\/2021\/01\/cropped-LOGO-QUADRI-SCIERIE-Lyce\u2560ue-du-Bois.png\",\"contentUrl\":\"https:\/\/www.lyceedubois.fr\/scierie\/wp-content\/uploads\/2021\/01\/cropped-LOGO-QUADRI-SCIERIE-Lyce\u2560ue-du-Bois.png\",\"width\":512,\"height\":512,\"caption\":\"Scierie du lyc\u00e9e des m\u00e9tiers du bois\"},\"image\":{\"@id\":\"https:\/\/www.lyceedubois.fr\/scierie\/#\/schema\/logo\/image\/\"},\"sameAs\":[\"https:\/\/www.facebook.com\/AtelierTechnologiqueEnvermeu\"]}]}<\/script>\n<!-- \/ Yoast SEO plugin. -->","yoast_head_json":{"title":"Chantier d'exploitation - Scierie du lyc\u00e9e des m\u00e9tiers du bois","description":"Chargement de m\u00e9l\u00e8ze du chantier d'exploitation r\u00e9alis\u00e9 par les CAPa Travaux Forestiers et les BPA Travaux Forestiers.","robots":{"index":"index","follow":"follow","max-snippet":"max-snippet:-1","max-image-preview":"max-image-preview:large","max-video-preview":"max-video-preview:-1"},"canonical":"https:\/\/www.lyceedubois.fr\/scierie\/project\/chantier-dexploitation\/","og_locale":"fr_FR","og_type":"article","og_title":"Chantier d'exploitation - Scierie du lyc\u00e9e des m\u00e9tiers du bois","og_description":"Chargement de m\u00e9l\u00e8ze du chantier d'exploitation r\u00e9alis\u00e9 par les CAPa Travaux Forestiers et les BPA Travaux Forestiers.","og_url":"https:\/\/www.lyceedubois.fr\/scierie\/project\/chantier-dexploitation\/","og_site_name":"Scierie du lyc\u00e9e des m\u00e9tiers du bois","article_publisher":"https:\/\/www.facebook.com\/AtelierTechnologiqueEnvermeu","article_modified_time":"2022-06-02T13:45:27+00:00","og_image":[{"width":250,"height":250,"url":"https:\/\/www.lyceedubois.fr\/scierie\/wp-content\/uploads\/scierie-chantier-exploitation-chargement-miniature.jpg","type":"image\/jpeg"}],"twitter_card":"summary_large_image","twitter_misc":{"Dur\u00e9e de lecture estim\u00e9e":"10 minutes"},"schema":{"@context":"https:\/\/schema.org","@graph":[{"@type":"WebPage","@id":"https:\/\/www.lyceedubois.fr\/scierie\/project\/chantier-dexploitation\/","url":"https:\/\/www.lyceedubois.fr\/scierie\/project\/chantier-dexploitation\/","name":"Chantier d'exploitation - Scierie du lyc\u00e9e des m\u00e9tiers du bois","isPartOf":{"@id":"https:\/\/www.lyceedubois.fr\/scierie\/#website"},"primaryImageOfPage":{"@id":"https:\/\/www.lyceedubois.fr\/scierie\/project\/chantier-dexploitation\/#primaryimage"},"image":{"@id":"https:\/\/www.lyceedubois.fr\/scierie\/project\/chantier-dexploitation\/#primaryimage"},"thumbnailUrl":"https:\/\/www.lyceedubois.fr\/scierie\/wp-content\/uploads\/scierie-chantier-exploitation-chargement-miniature.jpg","datePublished":"2022-06-02T08:11:59+00:00","dateModified":"2022-06-02T13:45:27+00:00","description":"Chargement de m\u00e9l\u00e8ze du chantier d'exploitation r\u00e9alis\u00e9 par les CAPa Travaux Forestiers et les BPA Travaux Forestiers.","breadcrumb":{"@id":"https:\/\/www.lyceedubois.fr\/scierie\/project\/chantier-dexploitation\/#breadcrumb"},"inLanguage":"fr-FR","potentialAction":[{"@type":"ReadAction","target":["https:\/\/www.lyceedubois.fr\/scierie\/project\/chantier-dexploitation\/"]}]},{"@type":"ImageObject","inLanguage":"fr-FR","@id":"https:\/\/www.lyceedubois.fr\/scierie\/project\/chantier-dexploitation\/#primaryimage","url":"https:\/\/www.lyceedubois.fr\/scierie\/wp-content\/uploads\/scierie-chantier-exploitation-chargement-miniature.jpg","contentUrl":"https:\/\/www.lyceedubois.fr\/scierie\/wp-content\/uploads\/scierie-chantier-exploitation-chargement-miniature.jpg","width":250,"height":250},{"@type":"BreadcrumbList","@id":"https:\/\/www.lyceedubois.fr\/scierie\/project\/chantier-dexploitation\/#breadcrumb","itemListElement":[{"@type":"ListItem","position":1,"name":"Accueil","item":"https:\/\/www.lyceedubois.fr\/scierie\/"},{"@type":"ListItem","position":2,"name":"Projets","item":"https:\/\/www.lyceedubois.fr\/scierie\/project\/"},{"@type":"ListItem","position":3,"name":"Chantier d&rsquo;exploitation"}]},{"@type":"WebSite","@id":"https:\/\/www.lyceedubois.fr\/scierie\/#website","url":"https:\/\/www.lyceedubois.fr\/scierie\/","name":"Scierie du lyc\u00e9e des m\u00e9tiers du bois","description":"Atelier technologique","publisher":{"@id":"https:\/\/www.lyceedubois.fr\/scierie\/#organization"},"potentialAction":[{"@type":"SearchAction","target":{"@type":"EntryPoint","urlTemplate":"https:\/\/www.lyceedubois.fr\/scierie\/?s={search_term_string}"},"query-input":{"@type":"PropertyValueSpecification","valueRequired":true,"valueName":"search_term_string"}}],"inLanguage":"fr-FR"},{"@type":"Organization","@id":"https:\/\/www.lyceedubois.fr\/scierie\/#organization","name":"Scierie du lyc\u00e9e des m\u00e9tiers du bois","url":"https:\/\/www.lyceedubois.fr\/scierie\/","logo":{"@type":"ImageObject","inLanguage":"fr-FR","@id":"https:\/\/www.lyceedubois.fr\/scierie\/#\/schema\/logo\/image\/","url":"https:\/\/www.lyceedubois.fr\/scierie\/wp-content\/uploads\/2021\/01\/cropped-LOGO-QUADRI-SCIERIE-Lyce\u2560ue-du-Bois.png","contentUrl":"https:\/\/www.lyceedubois.fr\/scierie\/wp-content\/uploads\/2021\/01\/cropped-LOGO-QUADRI-SCIERIE-Lyce\u2560ue-du-Bois.png","width":512,"height":512,"caption":"Scierie du lyc\u00e9e des m\u00e9tiers du bois"},"image":{"@id":"https:\/\/www.lyceedubois.fr\/scierie\/#\/schema\/logo\/image\/"},"sameAs":["https:\/\/www.facebook.com\/AtelierTechnologiqueEnvermeu"]}]}},"_links":{"self":[{"href":"https:\/\/www.lyceedubois.fr\/scierie\/wp-json\/wp\/v2\/project\/885","targetHints":{"allow":["GET"]}}],"collection":[{"href":"https:\/\/www.lyceedubois.fr\/scierie\/wp-json\/wp\/v2\/project"}],"about":[{"href":"https:\/\/www.lyceedubois.fr\/scierie\/wp-json\/wp\/v2\/types\/project"}],"author":[{"embeddable":true,"href":"https:\/\/www.lyceedubois.fr\/scierie\/wp-json\/wp\/v2\/users\/1"}],"replies":[{"embeddable":true,"href":"https:\/\/www.lyceedubois.fr\/scierie\/wp-json\/wp\/v2\/comments?post=885"}],"version-history":[{"count":6,"href":"https:\/\/www.lyceedubois.fr\/scierie\/wp-json\/wp\/v2\/project\/885\/revisions"}],"predecessor-version":[{"id":899,"href":"https:\/\/www.lyceedubois.fr\/scierie\/wp-json\/wp\/v2\/project\/885\/revisions\/899"}],"wp:featuredmedia":[{"embeddable":true,"href":"https:\/\/www.lyceedubois.fr\/scierie\/wp-json\/wp\/v2\/media\/903"}],"wp:attachment":[{"href":"https:\/\/www.lyceedubois.fr\/scierie\/wp-json\/wp\/v2\/media?parent=885"}],"wp:term":[{"taxonomy":"project_category","embeddable":true,"href":"https:\/\/www.lyceedubois.fr\/scierie\/wp-json\/wp\/v2\/project_category?post=885"},{"taxonomy":"project_tag","embeddable":true,"href":"https:\/\/www.lyceedubois.fr\/scierie\/wp-json\/wp\/v2\/project_tag?post=885"}],"curies":[{"name":"wp","href":"https:\/\/api.w.org\/{rel}","templated":true}]}}